{"id":3395,"date":"2024-04-30T14:14:26","date_gmt":"2024-04-30T12:14:26","guid":{"rendered":"https:\/\/lafabriqueamaco.com\/?post_type=product&#038;p=3395"},"modified":"2026-02-16T11:35:59","modified_gmt":"2026-02-16T10:35:59","slug":"le-bureau-connecte","status":"publish","type":"product","link":"https:\/\/lafabriqueamaco.com\/en\/product\/le-bureau-connecte\/","title":{"rendered":"Connected desk"},"content":{"rendered":"","protected":false},"excerpt":{"rendered":"","protected":false},"featured_media":4067,"comment_status":"closed","ping_status":"closed","template":"","meta":{"_et_pb_use_builder":"off","_et_pb_old_content":"","_et_gb_content_width":""},"product_brand":[],"product_cat":[36],"product_tag":[],"class_list":{"0":"post-3395","1":"product","2":"type-product","3":"status-publish","4":"has-post-thumbnail","6":"product_cat-bureau","8":"first","9":"instock","10":"taxable","11":"shipping-taxable","12":"purchasable","13":"product-type-simple"},"yoast_head":"<!-- This site is optimized with the Yoast SEO plugin v27.5 - https:\/\/yoast.com\/product\/yoast-seo-wordpress\/ -->\n<title>La Fabrique AMACO - Le bureau connect\u00e9<\/title>\n<meta name=\"description\" content=\"Le bureau assis debout \u00e9lectrique et connect\u00e9. L&#039;assurance de gagner en efficacit\u00e9 et en concentration sans oublier tous les autres avantages.\" \/>\n<meta name=\"robots\" content=\"index, follow, max-snippet:-1, max-image-preview:large, max-video-preview:-1\" \/>\n<link rel=\"canonical\" href=\"https:\/\/lafabriqueamaco.com\/en\/product\/le-bureau-connecte\/\" \/>\n<meta property=\"og:locale\" content=\"en_GB\" \/>\n<meta property=\"og:type\" content=\"article\" \/>\n<meta property=\"og:title\" content=\"La Fabrique AMACO - Le bureau connect\u00e9\" \/>\n<meta property=\"og:description\" content=\"Le bureau assis debout \u00e9lectrique et connect\u00e9. L&#039;assurance de gagner en efficacit\u00e9 et en concentration sans oublier tous les autres avantages.\" \/>\n<meta property=\"og:url\" content=\"https:\/\/lafabriqueamaco.com\/en\/product\/le-bureau-connecte\/\" \/>\n<meta property=\"og:site_name\" content=\"La Fabrique AMACO\" \/>\n<meta property=\"article:modified_time\" content=\"2026-02-16T10:35:59+00:00\" \/>\n<meta property=\"og:image\" content=\"https:\/\/lafabriqueamaco.com\/wp-content\/uploads\/2024\/05\/night_deskopti4.webp\" \/>\n\t<meta property=\"og:image:width\" content=\"1920\" \/>\n\t<meta property=\"og:image:height\" content=\"1080\" \/>\n\t<meta property=\"og:image:type\" content=\"image\/webp\" \/>\n<meta name=\"twitter:card\" content=\"summary_large_image\" \/>\n<meta name=\"twitter:label1\" content=\"Estimated reading time\" \/>\n\t<meta name=\"twitter:data1\" content=\"1 minute\" \/>\n<script type=\"application\/ld+json\" class=\"yoast-schema-graph\">{\"@context\":\"https:\\\/\\\/schema.org\",\"@graph\":[{\"@type\":\"WebPage\",\"@id\":\"https:\\\/\\\/lafabriqueamaco.com\\\/produit\\\/le-bureau-connecte\\\/\",\"url\":\"https:\\\/\\\/lafabriqueamaco.com\\\/produit\\\/le-bureau-connecte\\\/\",\"name\":\"La Fabrique AMACO - Le bureau connect\u00e9\",\"isPartOf\":{\"@id\":\"https:\\\/\\\/lafabriqueamaco.com\\\/#website\"},\"primaryImageOfPage\":{\"@id\":\"https:\\\/\\\/lafabriqueamaco.com\\\/produit\\\/le-bureau-connecte\\\/#primaryimage\"},\"image\":{\"@id\":\"https:\\\/\\\/lafabriqueamaco.com\\\/produit\\\/le-bureau-connecte\\\/#primaryimage\"},\"thumbnailUrl\":\"https:\\\/\\\/lafabriqueamaco.com\\\/wp-content\\\/uploads\\\/2024\\\/05\\\/night_deskopti4.webp\",\"datePublished\":\"2024-04-30T12:14:26+00:00\",\"dateModified\":\"2026-02-16T10:35:59+00:00\",\"description\":\"Le bureau assis debout \u00e9lectrique et connect\u00e9. L'assurance de gagner en efficacit\u00e9 et en concentration sans oublier tous les autres avantages.\",\"breadcrumb\":{\"@id\":\"https:\\\/\\\/lafabriqueamaco.com\\\/produit\\\/le-bureau-connecte\\\/#breadcrumb\"},\"inLanguage\":\"en-GB\",\"potentialAction\":[{\"@type\":\"ReadAction\",\"target\":[\"https:\\\/\\\/lafabriqueamaco.com\\\/produit\\\/le-bureau-connecte\\\/\"]}]},{\"@type\":\"ImageObject\",\"inLanguage\":\"en-GB\",\"@id\":\"https:\\\/\\\/lafabriqueamaco.com\\\/produit\\\/le-bureau-connecte\\\/#primaryimage\",\"url\":\"https:\\\/\\\/lafabriqueamaco.com\\\/wp-content\\\/uploads\\\/2024\\\/05\\\/night_deskopti4.webp\",\"contentUrl\":\"https:\\\/\\\/lafabriqueamaco.com\\\/wp-content\\\/uploads\\\/2024\\\/05\\\/night_deskopti4.webp\",\"width\":1920,\"height\":1080},{\"@type\":\"BreadcrumbList\",\"@id\":\"https:\\\/\\\/lafabriqueamaco.com\\\/produit\\\/le-bureau-connecte\\\/#breadcrumb\",\"itemListElement\":[{\"@type\":\"ListItem\",\"position\":1,\"name\":\"Accueil\",\"item\":\"https:\\\/\\\/lafabriqueamaco.com\\\/\"},{\"@type\":\"ListItem\",\"position\":2,\"name\":\"Boutique\",\"item\":\"https:\\\/\\\/lafabriqueamaco.com\\\/boutique\\\/\"},{\"@type\":\"ListItem\",\"position\":3,\"name\":\"Le bureau connect\u00e9\"}]},{\"@type\":\"WebSite\",\"@id\":\"https:\\\/\\\/lafabriqueamaco.com\\\/#website\",\"url\":\"https:\\\/\\\/lafabriqueamaco.com\\\/\",\"name\":\"La Fabrique AMACO\",\"description\":\"Le bureau assis debout connect\u00e9\",\"publisher\":{\"@id\":\"https:\\\/\\\/lafabriqueamaco.com\\\/#organization\"},\"alternateName\":\"La Fab AMACO\",\"potentialAction\":[{\"@type\":\"SearchAction\",\"target\":{\"@type\":\"EntryPoint\",\"urlTemplate\":\"https:\\\/\\\/lafabriqueamaco.com\\\/?s={search_term_string}\"},\"query-input\":{\"@type\":\"PropertyValueSpecification\",\"valueRequired\":true,\"valueName\":\"search_term_string\"}}],\"inLanguage\":\"en-GB\"},{\"@type\":\"Organization\",\"@id\":\"https:\\\/\\\/lafabriqueamaco.com\\\/#organization\",\"name\":\"La Fabrique AMACO\",\"alternateName\":\"La Fab AMACO\",\"url\":\"https:\\\/\\\/lafabriqueamaco.com\\\/\",\"logo\":{\"@type\":\"ImageObject\",\"inLanguage\":\"en-GB\",\"@id\":\"https:\\\/\\\/lafabriqueamaco.com\\\/#\\\/schema\\\/logo\\\/image\\\/\",\"url\":\"https:\\\/\\\/lafabriqueamaco.com\\\/wp-content\\\/uploads\\\/2024\\\/04\\\/1.png\",\"contentUrl\":\"https:\\\/\\\/lafabriqueamaco.com\\\/wp-content\\\/uploads\\\/2024\\\/04\\\/1.png\",\"width\":500,\"height\":500,\"caption\":\"La Fabrique AMACO\"},\"image\":{\"@id\":\"https:\\\/\\\/lafabriqueamaco.com\\\/#\\\/schema\\\/logo\\\/image\\\/\"}}]}<\/script>\n<!-- \/ Yoast SEO plugin. -->","yoast_head_json":{"title":"La Fabrique AMACO - Le bureau connect\u00e9","description":"Le bureau assis debout \u00e9lectrique et connect\u00e9. L'assurance de gagner en efficacit\u00e9 et en concentration sans oublier tous les autres avantages.","robots":{"index":"index","follow":"follow","max-snippet":"max-snippet:-1","max-image-preview":"max-image-preview:large","max-video-preview":"max-video-preview:-1"},"canonical":"https:\/\/lafabriqueamaco.com\/en\/product\/le-bureau-connecte\/","og_locale":"en_GB","og_type":"article","og_title":"La Fabrique AMACO - Le bureau connect\u00e9","og_description":"Le bureau assis debout \u00e9lectrique et connect\u00e9. L'assurance de gagner en efficacit\u00e9 et en concentration sans oublier tous les autres avantages.","og_url":"https:\/\/lafabriqueamaco.com\/en\/product\/le-bureau-connecte\/","og_site_name":"La Fabrique AMACO","article_modified_time":"2026-02-16T10:35:59+00:00","og_image":[{"width":1920,"height":1080,"url":"https:\/\/lafabriqueamaco.com\/wp-content\/uploads\/2024\/05\/night_deskopti4.webp","type":"image\/webp"}],"twitter_card":"summary_large_image","twitter_misc":{"Estimated reading time":"1 minute"},"schema":{"@context":"https:\/\/schema.org","@graph":[{"@type":"WebPage","@id":"https:\/\/lafabriqueamaco.com\/produit\/le-bureau-connecte\/","url":"https:\/\/lafabriqueamaco.com\/produit\/le-bureau-connecte\/","name":"La Fabrique AMACO - Le bureau connect\u00e9","isPartOf":{"@id":"https:\/\/lafabriqueamaco.com\/#website"},"primaryImageOfPage":{"@id":"https:\/\/lafabriqueamaco.com\/produit\/le-bureau-connecte\/#primaryimage"},"image":{"@id":"https:\/\/lafabriqueamaco.com\/produit\/le-bureau-connecte\/#primaryimage"},"thumbnailUrl":"https:\/\/lafabriqueamaco.com\/wp-content\/uploads\/2024\/05\/night_deskopti4.webp","datePublished":"2024-04-30T12:14:26+00:00","dateModified":"2026-02-16T10:35:59+00:00","description":"Le bureau assis debout \u00e9lectrique et connect\u00e9. L'assurance de gagner en efficacit\u00e9 et en concentration sans oublier tous les autres avantages.","breadcrumb":{"@id":"https:\/\/lafabriqueamaco.com\/produit\/le-bureau-connecte\/#breadcrumb"},"inLanguage":"en-GB","potentialAction":[{"@type":"ReadAction","target":["https:\/\/lafabriqueamaco.com\/produit\/le-bureau-connecte\/"]}]},{"@type":"ImageObject","inLanguage":"en-GB","@id":"https:\/\/lafabriqueamaco.com\/produit\/le-bureau-connecte\/#primaryimage","url":"https:\/\/lafabriqueamaco.com\/wp-content\/uploads\/2024\/05\/night_deskopti4.webp","contentUrl":"https:\/\/lafabriqueamaco.com\/wp-content\/uploads\/2024\/05\/night_deskopti4.webp","width":1920,"height":1080},{"@type":"BreadcrumbList","@id":"https:\/\/lafabriqueamaco.com\/produit\/le-bureau-connecte\/#breadcrumb","itemListElement":[{"@type":"ListItem","position":1,"name":"Accueil","item":"https:\/\/lafabriqueamaco.com\/"},{"@type":"ListItem","position":2,"name":"Boutique","item":"https:\/\/lafabriqueamaco.com\/boutique\/"},{"@type":"ListItem","position":3,"name":"Le bureau connect\u00e9"}]},{"@type":"WebSite","@id":"https:\/\/lafabriqueamaco.com\/#website","url":"https:\/\/lafabriqueamaco.com\/","name":"The AMACO FACTORY","description":"Le bureau assis debout connect\u00e9","publisher":{"@id":"https:\/\/lafabriqueamaco.com\/#organization"},"alternateName":"La Fab AMACO","potentialAction":[{"@type":"SearchAction","target":{"@type":"EntryPoint","urlTemplate":"https:\/\/lafabriqueamaco.com\/?s={search_term_string}"},"query-input":{"@type":"PropertyValueSpecification","valueRequired":true,"valueName":"search_term_string"}}],"inLanguage":"en-GB"},{"@type":"Organization","@id":"https:\/\/lafabriqueamaco.com\/#organization","name":"The AMACO FACTORY","alternateName":"La Fab AMACO","url":"https:\/\/lafabriqueamaco.com\/","logo":{"@type":"ImageObject","inLanguage":"en-GB","@id":"https:\/\/lafabriqueamaco.com\/#\/schema\/logo\/image\/","url":"https:\/\/lafabriqueamaco.com\/wp-content\/uploads\/2024\/04\/1.png","contentUrl":"https:\/\/lafabriqueamaco.com\/wp-content\/uploads\/2024\/04\/1.png","width":500,"height":500,"caption":"La Fabrique AMACO"},"image":{"@id":"https:\/\/lafabriqueamaco.com\/#\/schema\/logo\/image\/"}}]}},"_links":{"self":[{"href":"https:\/\/lafabriqueamaco.com\/en\/wp-json\/wp\/v2\/product\/3395","targetHints":{"allow":["GET"]}}],"collection":[{"href":"https:\/\/lafabriqueamaco.com\/en\/wp-json\/wp\/v2\/product"}],"about":[{"href":"https:\/\/lafabriqueamaco.com\/en\/wp-json\/wp\/v2\/types\/product"}],"replies":[{"embeddable":true,"href":"https:\/\/lafabriqueamaco.com\/en\/wp-json\/wp\/v2\/comments?post=3395"}],"wp:featuredmedia":[{"embeddable":true,"href":"https:\/\/lafabriqueamaco.com\/en\/wp-json\/wp\/v2\/media\/4067"}],"wp:attachment":[{"href":"https:\/\/lafabriqueamaco.com\/en\/wp-json\/wp\/v2\/media?parent=3395"}],"wp:term":[{"taxonomy":"product_brand","embeddable":true,"href":"https:\/\/lafabriqueamaco.com\/en\/wp-json\/wp\/v2\/product_brand?post=3395"},{"taxonomy":"product_cat","embeddable":true,"href":"https:\/\/lafabriqueamaco.com\/en\/wp-json\/wp\/v2\/product_cat?post=3395"},{"taxonomy":"product_tag","embeddable":true,"href":"https:\/\/lafabriqueamaco.com\/en\/wp-json\/wp\/v2\/product_tag?post=3395"}],"curies":[{"name":"wp","href":"https:\/\/api.w.org\/{rel}","templated":true}]}}